{"id":989618,"date":"2018-05-15T15:04:08","date_gmt":"2018-05-15T15:04:08","guid":{"rendered":"https:\/\/www.ebikers.sk\/pozicovna-ebikov-rimavska-sobota\/pravidla-a-bezpecnost-bicyklovania\/"},"modified":"2022-05-12T11:53:32","modified_gmt":"2022-05-12T11:53:32","slug":"a-kerekparozas-szabalyai-es-biztonsaga","status":"publish","type":"page","link":"https:\/\/www.ebikers.sk\/hu\/e-bike-berles-rimaszombat\/a-kerekparozas-szabalyai-es-biztonsaga\/","title":{"rendered":"A ker\u00e9kp\u00e1roz\u00e1s szab\u00e1lyai \u00e9s biztons\u00e1ga"},"content":{"rendered":"<div class=\"vgblk-rw-wrapper limit-wrapper\"><img decoding=\"async\" src=\"https:\/\/www.ebikers.sk\/wp-content\/uploads\/2022\/05\/vector-sketch-casual-stopped-cyclist-city-dweller-bicycle-105897849-removebg-preview.png\" alt=\"vector-sketch-casual-stopped-cyclist-city-dweller-bicycle-105897849-removebg-preview\" itemprop=\"image\" height=\"518\" width=\"481\" title=\"vector-sketch-casual-stopped-cyclist-city-dweller-bicycle-105897849-removebg-preview\" onerror=\"this.style.display='none'\"  sizes=\"(max-width: 768px) 100vw, 100vw\" srcset=\"data:image\/svg+xml;utf8,&lt;svg%20xmlns=&quot;http:\/\/www.w3.org\/2000\/svg&quot;%20viewBox=&quot;0%200%20481%20518&quot;%20height=&quot;518px&quot;%20width=&quot;481px&quot;\/&gt;\" data-srcset=\"https:\/\/www.ebikers.sk\/wp-content\/uploads\/2022\/05\/vector-sketch-casual-stopped-cyclist-city-dweller-bicycle-105897849-removebg-preview.png 481w, https:\/\/www.ebikers.sk\/wp-content\/uploads\/2022\/05\/vector-sketch-casual-stopped-cyclist-city-dweller-bicycle-105897849-removebg-preview-279x300.png 279w, https:\/\/www.ebikers.sk\/wp-content\/uploads\/2022\/05\/vector-sketch-casual-stopped-cyclist-city-dweller-bicycle-105897849-removebg-preview-420x452.png 420w, https:\/\/www.ebikers.sk\/wp-content\/uploads\/2022\/05\/vector-sketch-casual-stopped-cyclist-city-dweller-bicycle-105897849-removebg-preview-315x339.png 315w\" \/>\t\t\t\t\t\t\t\n<h2>\n\tEls\u0151 a biztons\u00e1g\n\t<\/h2>\n\t<p>\u00cdme n\u00e9gy alapvet\u0151 ker\u00e9kp\u00e1ros tipp<\/p>\n<h3>\n\tMaradjon az ir\u00e1ny\u00edt\u00e1s\n\t<\/h3>\n\t<p>\u00cdme n\u00e9h\u00e1ny dolog, amit megtehet, hogy v\u00e9szhelyzetben k\u00e9zben tartsa ker\u00e9kp\u00e1rj\u00e1t:<\/p>\n\t<ul>\n<li>Gy\u0151z\u0151dj\u00f6n meg arr\u00f3l, hogy az e-bike megfelel\u0151 m\u00e9ret\u0171, \u00e9s az \u00d6n sz\u00e1m\u00e1ra megfelel\u0151 legyen.<\/li>\n<li>A megfelel\u0151 ker\u00e9kp\u00e1r k\u00e9nyelmesebb \u00e9s k\u00f6nnyebben ir\u00e1ny\u00edthat\u00f3.<\/li>\n<li>Az e-bike k\u00f6lcs\u00f6nz\u00e9s seg\u00edthet a megfelel\u0151 ker\u00e9kp\u00e1rm\u00e9ret kiv\u00e1laszt\u00e1s\u00e1ban.<\/li>\n<li>Rendszeresen ellen\u0151rizze, hogy ker\u00e9kp\u00e1rja j\u00f3 \u00e1llapotban van-e.<\/li>\n<\/ul>\n<h3>\n\tV\u00e9dd magad\n\t<\/h3>\n<p>A megfelel\u0151en felszerelt sisakok v\u00e9delmet ny\u00fajtanak a potenci\u00e1lisan \u00e9letvesz\u00e9lyes fejs\u00e9r\u00fcl\u00e9sek ellen.\u00a0A t\u00f6rv\u00e9ny szerint minden ker\u00e9kp\u00e1rosnak ker\u00e9kp\u00e1ros buk\u00f3sisakot kell viselnie, ha k\u00f6z\u00faton k\u00f6zlekedik.<\/p>\n\t<p>Viselje a sisakot a gy\u00e1rt\u00f3 utas\u00edt\u00e1sai szerint.<\/p>\n<p>&nbsp;<\/p>\n\t\t\t\t\t\t\t<img decoding=\"async\" width=\"300\" height=\"199\" src=\"http:\/\/www.ebikers.sk\/wp-content\/uploads\/2022\/03\/55aAQ6B0jm3C.png\" alt=\"55aAQ6B0jm3C\" itemprop=\"image\" title=\"55aAQ6B0jm3C\" onerror=\"this.style.display='none'\"  sizes=\"(max-width: 768px) 100vw, 100vw\"\/>\t\t\t\t\t\t\t\n<h3>\n\tL\u00e9gy l\u00e1that\u00f3 \u00e9s \u00e9ber\n\t<\/h3>\n<p>M\u00e9g ha minden k\u00f6zleked\u00e9si el\u0151\u00edr\u00e1st be is tart, mindig fenn\u00e1ll az \u00fctk\u00f6z\u00e9s vesz\u00e9lye.<\/p>\n\t<ul>\n<li>K\u00e9sz\u00fclj\u00f6n fel arra, hogy meg\u00e1lljon a stopperekn\u00e9l, felhajt\u00f3kn\u00e1l vagy parkol\u00f3kban v\u00e1rakoz\u00f3 j\u00e1rm\u0171vek el\u0151tt.<\/li>\n<li>K\u00e9sz\u00fclj\u00f6n fel arra, hogy kit\u00e9r\u0151 l\u00e9p\u00e9seket tegyen azokkal a j\u00e1rm\u0171vekkel szemben, amelyek \u00e9ppen elhaladtak \u00d6n mellett, \u00e9s jobbra fordulhatnak.<\/li>\n<li>Haszn\u00e1ljon k\u00e9zjeleket a forgalom megford\u00edt\u00e1s\u00e1hoz, miel\u0151tt kanyarodna vagy s\u00e1vot v\u00e1ltana.<\/li>\n<\/ul>\n<h3>\n\tVezessen biztons\u00e1gos s\u00e1vban\n\t<\/h3>\n<p>Haladjon a forgalommal azonos ir\u00e1nyba, hogy jobban l\u00e1that\u00f3 legyen az utakra bel\u00e9p\u0151 vagy s\u00e1vot v\u00e1lt\u00f3 vezet\u0151k sz\u00e1m\u00e1ra a k\u00f6vetkez\u0151 helyzetekben.<\/p>\n\t<ul>\n<li>J\u00e1rm\u0171 vagy m\u00e1s ker\u00e9kp\u00e1r elhalad\u00e1sa.<\/li>\n<li>Balra kanyarodni k\u00e9sz\u00fcl a keresztez\u0151d\u00e9sn\u00e9l.<\/li>\n<li>Ha a s\u00e1v t\u00fal sz\u0171k egy ker\u00e9kp\u00e1rnak<\/li>\n<li>Ahogy k\u00f6zeledik a jobbra fordul\u00e1shoz.<\/li>\n<li>Ha az \u00fatvonal egyir\u00e1ny\u00fa, k\u00e9t vagy t\u00f6bb s\u00e1vval.<\/li>\n<\/ul>\n\t<p><a href=\"https:\/\/www.ebikers.sk\/hu\/e-bike-berles-rimavska-sobota\/a-kerekparozas-szabalyai-es-biztonsaga\/\">A ker\u00e9kp\u00e1roz\u00e1s szab\u00e1lyai \u00e9s biztons\u00e1ga \u2192<\/a><\/p>\n<h4>\n\tMinden ker\u00e9kp\u00e1rb\u00e9rl\u00e9s \u00e1r\u00e1ban benne van:\n\t<\/h4>\n<h6>\n\t-10% KEDVEZM\u00c9NY &#8211; CSAL\u00c1DOK\n\t<\/h6>\n<h3>\n\tK\u00d3D: CSAL\u00c1D10\n\t<\/h3>\n\t\t\t\t\t\t\t<img decoding=\"async\" src=\"https:\/\/www.ebikers.sk\/wp-content\/uploads\/2022\/03\/66-cycling-removebg-preview-420x323.png\" alt=\"66-cycling--removebg-preview\" itemprop=\"image\" height=\"323\" width=\"420\" title=\"66-cycling--removebg-preview\" onerror=\"this.style.display='none'\" srcset=\"data:image\/svg+xml;utf8,&lt;svg%20xmlns=&quot;http:\/\/www.w3.org\/2000\/svg&quot;%20viewBox=&quot;0%200%20612%20408&quot;%20height=&quot;408px&quot;%20width=&quot;612px&quot;\/&gt;\" data-srcset=\"https:\/\/www.ebikers.sk\/wp-content\/uploads\/2022\/03\/66-cycling-removebg-preview-420x323.png 420w, https:\/\/www.ebikers.sk\/wp-content\/uploads\/2022\/03\/66-cycling-removebg-preview-315x242.png 315w\" sizes=\"(max-width: 420px) 100vw, 420px\" \/>\t\t\t\t\t\t\t\n<h6>\n\t-10% KEDVEZM\u00c9NY &#8211; LAKOSOK\n\t<\/h6>\n<h3>\n\tK\u00d3D: LAKOSOK10\n\t<\/h3>\n<h2>\n\tStav a \u00fa\u010del pou\u017eitia\n\t<\/h2>\n\t\t\tA k\u00e9sz\u00fcl\u00e9k haszn\u00e1lata \u00e9s gondoz\u00e1sa\n\t\t<p>Az \u00fcgyf\u00e9l tudom\u00e1sul veszi \u00e9s elfogadja, hogy a berendez\u00e9st megvizsg\u00e1lta, \u00e9s a berendez\u00e9s j\u00f3 \u00e1llapot\u00fa \u00e9s a rendeltet\u00e9sszer\u0171 haszn\u00e1latra alkalmas.<\/p>\n\t\t\tA k\u00e9sedelmes visszak\u00fcld\u00e9s\u00e9rt d\u00edjat kell fizetni\n\t\t<p>A k\u00f6lcs\u00f6nz\u00e9s ideje alatt az \u00fcgyf\u00e9l k\u00f6teles a felszerel\u00e9st megfelel\u0151en \u00e9s megfelel\u0151 m\u00f3don gondosan \u00e9s a Cool Tour sro megrendel\u00e9s\u00e9re visszak\u00fcldeni a szerz\u0151d\u00e9sben meghat\u00e1rozott visszak\u00fcld\u00e9s napj\u00e1n 19:00 \u00f3r\u00e1ig, amennyiben a Cool Tour sro. m\u00e1sk\u00e9pp nem \u00e9rtenek egyet.\u00a0K\u00e9sedelmes visszak\u00fcld\u00e9s eset\u00e9n a napi b\u00e9rleti d\u00edj ker\u00fcl felsz\u00e1m\u00edt\u00e1sra a visszak\u00fcld\u00e9sig, kiv\u00e9ve, ha el\u0151zetesen megegyezik.<\/p>\n\t\t\tHozz\u00e1\u00e9rt\u0151 a berendez\u00e9sek haszn\u00e1lat\u00e1hoz\n\t\t<p>Az \u00dcgyf\u00e9l garant\u00e1lja, hogy minden szem\u00e9ly, aki a Berendez\u00e9st haszn\u00e1lni fogja, k\u00e9pes a Berendez\u00e9s haszn\u00e1lat\u00e1ra, a Berendez\u00e9st \u00fagy fogja haszn\u00e1lni, ahogyan azt tervezt\u00e9k, betartja az EBIKERS.SK minden, a Berendez\u00e9s haszn\u00e1lat\u00e1val \u00e9s biztons\u00e1g\u00e1val kapcsolatos utas\u00edt\u00e1s\u00e1t, \u00e9s betartani minden t\u00f6rv\u00e9nyt \u00e9s k\u00f6telezetts\u00e9get. a berendez\u00e9s haszn\u00e1lat\u00e1val \u00e9s ellen\u0151rz\u00e9s\u00e9vel kapcsolatban<\/p>\n\t\t\tAz \u00dcgyf\u00e9l nem m\u00f3dos\u00edtja vagy m\u00f3dos\u00edtja a Berendez\u00e9st\n\t\t<p>Az \u00fcgyf\u00e9l a berendez\u00e9st a b\u00e9rl\u0151 hozz\u00e1j\u00e1rul\u00e1sa n\u00e9lk\u00fcl nem m\u00f3dos\u00edthatja vagy m\u00f3dos\u00edthatja.\u00a0Ha az \u00fcgyf\u00e9l az eBikeRS beleegyez\u00e9se n\u00e9lk\u00fcl megv\u00e1ltoztatja vagy m\u00f3dos\u00edtja a berendez\u00e9st, az ilyen v\u00e1ltoztat\u00e1sok vagy m\u00f3dos\u00edt\u00e1sok k\u00e1rnak min\u0151s\u00fclnek.<\/p><ul><li>6) .K\u00e1r vagy vesztes\u00e9g<\/li><\/ul>\n\t\t\tFelel\u0151s az esetleges k\u00e1rok\u00e9rt\n\t\t<p>Az \u00dcgyf\u00e9l kiz\u00e1r\u00f3lagos felel\u0151ss\u00e9ge a b\u00e9rlet id\u0151tartama alatt bek\u00f6vetkez\u0151 berendez\u00e9sek s\u00e9r\u00fcl\u00e9s\u00e9\u00e9rt vagy elveszt\u00e9s\u00e9\u00e9rt.\u00a0Az \u00dcgyf\u00e9l halad\u00e9ktalanul \u00e9rtes\u00edti az eBikeRS-t, ha a felszerel\u00e9s megs\u00e9r\u00fcl vagy elveszett, \u00e9s betartja a Cool Tour sro minden \u00e9sszer\u0171 utas\u00edt\u00e1s\u00e1t a s\u00e9r\u00fclt vagy elveszett felszerel\u00e9ssel kapcsolatban.<\/p>\n\t\t\tS\u00e9r\u00fcl\u00e9s eset\u00e9n\n\t\t<p>A berendez\u00e9s k\u00e1rosod\u00e1sa eset\u00e9n (kiv\u00e9ve a megfelel\u0151 kop\u00e1st \u00e9s a l\u00e9lekk\u00e1rosod\u00e1st), b\u00e1rmilyen okb\u00f3l is, az \u00fcgyf\u00e9l felel, \u00e9s kifizeti a Cool Tour sro-nak az \u00f6sszes jav\u00edt\u00e1s teljes k\u00f6lts\u00e9g\u00e9t, bele\u00e9rtve a s\u00e9r\u00fclt alkatr\u00e9szek cser\u00e9j\u00e9nek k\u00f6lts\u00e9g\u00e9t is. \u00e9s a berendez\u00e9s helyre\u00e1ll\u00edt\u00e1s\u00e1t c\u00e9lz\u00f3 b\u00e1rmely munka.\u00a0mint a b\u00e9rleti id\u0151szak elej\u00e9n.\u00a0A k\u00e9ts\u00e9gek elker\u00fcl\u00e9se \u00e9rdek\u00e9ben a Cool Tour sro-nak kiz\u00e1r\u00f3lagos joga van arra, hogy \u00e9sszer\u0171en meg\u00e1llap\u00edtsa:<\/p><ul><li>a) a berendez\u00e9s megs\u00e9r\u00fclt-e a b\u00e9rleti id\u0151szak alatt;<\/li><li>b) az ilyen k\u00e1rosod\u00e1s meghaladja-e az \u00e9sszer\u0171 elhaszn\u00e1l\u00f3d\u00e1st;<\/li><li>c) az ilyen k\u00e1r m\u00e9rt\u00e9ke;\u00a0a<\/li><li>d) a sz\u00fcks\u00e9ges jav\u00edt\u00e1sok teljes k\u00f6lts\u00e9ge.<\/li><\/ul>\n\t\t\tVeszt\u00e9s eset\u00e9n\n\t\t<p>A felszerel\u00e9s b\u00e1rmilyen okb\u00f3l t\u00f6rt\u00e9n\u0151 elveszt\u00e9se eset\u00e9n az \u00fcgyf\u00e9l felel\u0151s \u00e9s kifizeti a Cool Tour sro-nak a felszerel\u00e9s cser\u00e9j\u00e9nek teljes k\u00f6lts\u00e9g\u00e9t.<\/p>\n<h2>\n\tKifizet\u00e9sek\n\t<\/h2>\n\t<ul>\n<li>Csak b\u00e9rl\u00e9s eset\u00e9n a teljes \u00f6sszeget\u00a0<strong>foglal\u00e1skor<\/strong>\u00a0kell kifizetni .\u00a0<strong>A fizet\u00e9s<\/strong>\u00a0biztons\u00e1gos online foglal\u00e1si rendszeren kereszt\u00fcl t\u00f6rt\u00e9nik.<\/li>\n<li>Minden egy\u00e9b foglal\u00e1s eset\u00e9n az \u00fcgyf\u00e9l v\u00e1llalja, hogy foglal\u00e1s eset\u00e9n\u00a0<strong>50% el\u0151leget<\/strong>\u00a0fizet a Cool Tour sro-nak, a fennmarad\u00f3 \u00f6sszeget\u00a0<strong>pedig legal\u00e1bb 30 nappal<\/strong>\u00a0az \u00fcd\u00fcl\u00e9s\/b\u00e9rl\u00e9s kezdete el\u0151tt: (a) az igazol\u00e1s k\u00e9zhezv\u00e9telekor fizet\u00e9si k\u00e9relem az online foglal\u00e1si rendszeren kereszt\u00fcl;\u00a0vagy (b) \u00e1tutal\u00e1ssal a k\u00f6vetkez\u0151 banksz\u00e1ml\u00e1ra: IBAN:\u00a0\u00a0<b>SK84 0200 0000 0038 4769 6756<\/b>\u00a0\u00b7 BIC: SUBASKBX<\/li>\n<li>Az \u00dcgyf\u00e9l v\u00e1llalja tov\u00e1bb\u00e1, hogy adott esetben megfizeti a k\u00f6vetkez\u0151ket: (a) a t\u00f6bbletk\u00f6lts\u00e9gek \u00e9s az \u00e1fa \u00e9s minden egy\u00e9b \u00e1llami ad\u00f3 vagy illet\u00e9k;\u00a0\u00e9s b) p\u00e9nz\u00e1tutal\u00e1sok banki d\u00edjai<\/li>\n<li><strong>Amennyiben az \u00dcgyf\u00e9l a teljes \u00e1rat a kezd\u00e9s id\u0151pontja el\u0151tt legal\u00e1bb 10 nappal<\/strong>\u00a0nem fizeti ki\u00a0, a Cool Tour sro fenntartja a jogot, hogy saj\u00e1t bel\u00e1t\u00e1sa szerint t\u00f6r\u00f6lje, m\u00f3dos\u00edtsa vagy m\u00f3dos\u00edtsa az \u00fcgyf\u00e9l foglal\u00e1s\u00e1t.<\/li>\n<li>A teljes \u00e1r eg\u00e9sz\u00e9nek vagy egy r\u00e9sz\u00e9nek megfizet\u00e9se (bele\u00e9rtve a bankk\u00e1rty\u00e1s fizet\u00e9st is)\u00a0<strong>jelen \u00c1SZF elfogad\u00e1s\u00e1nak min\u0151s\u00fcl.<\/strong><br \/>\n<strong>A foglal\u00e1sok v\u00e1ltoz\u00e1sa<\/strong>\u00a0\/lemond\u00e1sa<\/li>\n<li>Ha a szolg\u00e1ltat\u00e1s olyan k\u00f6r\u00fclm\u00e9nyek miatt, amelyeket a Cool Tour sro nem befoly\u00e1solhat (p\u00e9ld\u00e1ul lop\u00e1s, t\u0171z, f\u00f6ldreng\u00e9s vagy kor\u00e1bbi b\u00e9rleti szerz\u0151d\u00e9sb\u0151l sz\u00e1rmaz\u00f3 k\u00e1r), a b\u00e9rleti id\u0151szak alatt\u00a0<strong>el\u00e9rhetetlenn\u00e9 v\u00e1lik , a Cool Tour sro mindent megtesz annak \u00e9rdek\u00e9ben, hogy megfelel\u0151 alternat\u00edv\u00e1t k\u00edn\u00e1ljon az \u00fcgyf\u00e9lnek.\u00a0<\/strong>Ha a Cool Tour sro nem tud megfelel\u0151 alternat\u00edv\u00e1t k\u00edn\u00e1lni, az \u00fcgyf\u00e9l jogosult a Cool Tour sro r\u00e9sz\u00e9re kifizetett p\u00e9nz teljes visszat\u00e9r\u00edt\u00e9s\u00e9re, miut\u00e1n levonj\u00e1k a Cool Tour sro-n\u00e1l a foglal\u00e1ssal kapcsolatban felmer\u00fclt k\u00f6lts\u00e9geit.<\/li>\n<li>Nem j\u00e1r visszat\u00e9r\u00edt\u00e9s az e-ker\u00e9kp\u00e1rok korai visszak\u00fcld\u00e9se, k\u00e9s\u0151i \u00e1tv\u00e9tel, meg nem jelen\u00e9s vagy k\u00f6lcs\u00f6nz\u00e9s eset\u00e9n.<\/li>\n<\/ul><\/div><!-- .vgblk-rw-wrapper -->","protected":false},"excerpt":{"rendered":"<p>Els\u0151 a biztons\u00e1g \u00cdme n\u00e9gy alapvet\u0151 ker\u00e9kp\u00e1ros tipp Maradjon az ir\u00e1ny\u00edt\u00e1s \u00cdme n\u00e9h\u00e1ny dolog, amit megtehet, hogy v\u00e9szhelyzetben k\u00e9zben tartsa ker\u00e9kp\u00e1rj\u00e1t: Gy\u0151z\u0151dj\u00f6n meg arr\u00f3l, hogy az e-bike megfelel\u0151 m\u00e9ret\u0171, \u00e9s az \u00d6n sz\u00e1m\u00e1ra megfelel\u0151 legyen. A megfelel\u0151 ker\u00e9kp\u00e1r k\u00e9nyelmesebb \u00e9s k\u00f6nnyebben ir\u00e1ny\u00edthat\u00f3. Az e-bike k\u00f6lcs\u00f6nz\u00e9s seg\u00edthet a megfelel\u0151 ker\u00e9kp\u00e1rm\u00e9ret kiv\u00e1laszt\u00e1s\u00e1ban. Rendszeresen ellen\u0151rizze, hogy ker\u00e9kp\u00e1rja j\u00f3&#8230;<\/p>\n","protected":false},"author":1,"featured_media":0,"parent":989606,"menu_order":0,"comment_status":"closed","ping_status":"closed","template":"","meta":{"inline_featured_image":false,"footnotes":""},"class_list":["post-989618","page","type-page","status-publish","hentry"],"_links":{"self":[{"href":"https:\/\/www.ebikers.sk\/hu\/wp-json\/wp\/v2\/pages\/989618"}],"collection":[{"href":"https:\/\/www.ebikers.sk\/hu\/wp-json\/wp\/v2\/pages"}],"about":[{"href":"https:\/\/www.ebikers.sk\/hu\/wp-json\/wp\/v2\/types\/page"}],"author":[{"embeddable":true,"href":"https:\/\/www.ebikers.sk\/hu\/wp-json\/wp\/v2\/users\/1"}],"replies":[{"embeddable":true,"href":"https:\/\/www.ebikers.sk\/hu\/wp-json\/wp\/v2\/comments?post=989618"}],"version-history":[{"count":2,"href":"https:\/\/www.ebikers.sk\/hu\/wp-json\/wp\/v2\/pages\/989618\/revisions"}],"predecessor-version":[{"id":990012,"href":"https:\/\/www.ebikers.sk\/hu\/wp-json\/wp\/v2\/pages\/989618\/revisions\/990012"}],"up":[{"embeddable":true,"href":"https:\/\/www.ebikers.sk\/hu\/wp-json\/wp\/v2\/pages\/989606"}],"wp:attachment":[{"href":"https:\/\/www.ebikers.sk\/hu\/wp-json\/wp\/v2\/media?parent=989618"}],"curies":[{"name":"wp","href":"https:\/\/api.w.org\/{rel}","templated":true}]}}